{"version":"1.0","provider_name":"GARDEON","provider_url":"https:\/\/gardeon.pl\/pl\/","title":"Domek ogrodowy 2,9 x 2,98 m z wiat\u0105 | GARDEON","type":"rich","width":600,"height":338,"html":"<blockquote class=\"wp-embedded-content\" data-secret=\"8s0RQpdv5r\"><a href=\"https:\/\/gardeon.pl\/pl\/blog\/domek-ogrodowy-29-x-298-m-z-wiata\/\">Domek ogrodowy 2,9 x 2,98 m z wiat\u0105<\/a><\/blockquote><iframe sandbox=\"allow-scripts\" security=\"restricted\" src=\"https:\/\/gardeon.pl\/pl\/blog\/domek-ogrodowy-29-x-298-m-z-wiata\/embed\/#?secret=8s0RQpdv5r\" width=\"600\" height=\"338\" title=\"&#8222;Domek ogrodowy 2,9 x 2,98 m z wiat\u0105&#8221; &#8212; GARDEON\" data-secret=\"8s0RQpdv5r\" frameborder=\"0\" marginwidth=\"0\" marginheight=\"0\" scrolling=\"no\" class=\"wp-embedded-content\"><\/iframe><script type=\"text\/javascript\">\n\/* <![CDATA[ *\/\n\/*! This file is auto-generated *\/\n!function(d,l){\"use strict\";l.querySelector&&d.addEventListener&&\"undefined\"!=typeof URL&&(d.wp=d.wp||{},d.wp.receiveEmbedMessage||(d.wp.receiveEmbedMessage=function(e){var t=e.data;if((t||t.secret||t.message||t.value)&&!\/[^a-zA-Z0-9]\/.test(t.secret)){for(var s,r,n,a=l.querySelectorAll('iframe[data-secret=\"'+t.secret+'\"]'),o=l.querySelectorAll('blockquote[data-secret=\"'+t.secret+'\"]'),c=new RegExp(\"^https?:$\",\"i\"),i=0;i<o.length;i++)o[i].style.display=\"none\";for(i=0;i<a.length;i++)s=a[i],e.source===s.contentWindow&&(s.removeAttribute(\"style\"),\"height\"===t.message?(1e3<(r=parseInt(t.value,10))?r=1e3:~~r<200&&(r=200),s.height=r):\"link\"===t.message&&(r=new URL(s.getAttribute(\"src\")),n=new URL(t.value),c.test(n.protocol))&&n.host===r.host&&l.activeElement===s&&(d.top.location.href=t.value))}},d.addEventListener(\"message\",d.wp.receiveEmbedMessage,!1),l.addEventListener(\"DOMContentLoaded\",function(){for(var e,t,s=l.querySelectorAll(\"iframe.wp-embedded-content\"),r=0;r<s.length;r++)(t=(e=s[r]).getAttribute(\"data-secret\"))||(t=Math.random().toString(36).substring(2,12),e.src+=\"#?secret=\"+t,e.setAttribute(\"data-secret\",t)),e.contentWindow.postMessage({message:\"ready\",secret:t},\"*\")},!1)))}(window,document);\n\/\/# sourceURL=https:\/\/gardeon.pl\/wp-includes\/js\/wp-embed.min.js\n\/* ]]> *\/\n<\/script>\n","thumbnail_url":"http:\/\/gardeon.pl\/wp-content\/uploads\/2020\/10\/GARDEON-foto-od-zakaznikov-50-scaled.jpeg","thumbnail_width":2560,"thumbnail_height":1920,"description":"Jak to wszystko si\u0119 zacz\u0119\u0142o? \u017bona pana Oravca skontaktowa\u0142a si\u0119 z nami mailem w maju, \u017ce chcieliby postawi\u0107 u siebie domek ogrodowy z wiat\u0105. Interesowa\u0142y j\u0105 przede wszystkim nasze terminy realizacji (czas dostawy wynosi 3 miesi\u0105ce). Recenzja zaraz po monta\u017cu A jakie s\u0105 jej wra\u017cenia z perspektywy czasu? \u201eDomek ogrodowy mamy od pa\u017adziernika 2018 roku, [&hellip;]"}