{"version":"1.0","provider_name":"GARDEON","provider_url":"https:\/\/gardeon.pl\/pl\/","title":"Dzie\u0144 otwartych gara\u017cy w GARDEON | GARDEON","type":"rich","width":600,"height":338,"html":"<blockquote class=\"wp-embedded-content\" data-secret=\"xLihN5vo37\"><a href=\"https:\/\/gardeon.pl\/pl\/blog\/dzien-otwartych-garazy-w-gardeon\/\">Dzie\u0144 otwartych gara\u017cy w GARDEON<\/a><\/blockquote><iframe sandbox=\"allow-scripts\" security=\"restricted\" src=\"https:\/\/gardeon.pl\/pl\/blog\/dzien-otwartych-garazy-w-gardeon\/embed\/#?secret=xLihN5vo37\" width=\"600\" height=\"338\" title=\"&#8222;Dzie\u0144 otwartych gara\u017cy w GARDEON&#8221; &#8212; GARDEON\" data-secret=\"xLihN5vo37\" frameborder=\"0\" marginwidth=\"0\" marginheight=\"0\" scrolling=\"no\" class=\"wp-embedded-content\"><\/iframe><script type=\"text\/javascript\">\n\/* <![CDATA[ *\/\n\/*! This file is auto-generated *\/\n!function(d,l){\"use strict\";l.querySelector&&d.addEventListener&&\"undefined\"!=typeof URL&&(d.wp=d.wp||{},d.wp.receiveEmbedMessage||(d.wp.receiveEmbedMessage=function(e){var t=e.data;if((t||t.secret||t.message||t.value)&&!\/[^a-zA-Z0-9]\/.test(t.secret)){for(var s,r,n,a=l.querySelectorAll('iframe[data-secret=\"'+t.secret+'\"]'),o=l.querySelectorAll('blockquote[data-secret=\"'+t.secret+'\"]'),c=new RegExp(\"^https?:$\",\"i\"),i=0;i<o.length;i++)o[i].style.display=\"none\";for(i=0;i<a.length;i++)s=a[i],e.source===s.contentWindow&&(s.removeAttribute(\"style\"),\"height\"===t.message?(1e3<(r=parseInt(t.value,10))?r=1e3:~~r<200&&(r=200),s.height=r):\"link\"===t.message&&(r=new URL(s.getAttribute(\"src\")),n=new URL(t.value),c.test(n.protocol))&&n.host===r.host&&l.activeElement===s&&(d.top.location.href=t.value))}},d.addEventListener(\"message\",d.wp.receiveEmbedMessage,!1),l.addEventListener(\"DOMContentLoaded\",function(){for(var e,t,s=l.querySelectorAll(\"iframe.wp-embedded-content\"),r=0;r<s.length;r++)(t=(e=s[r]).getAttribute(\"data-secret\"))||(t=Math.random().toString(36).substring(2,12),e.src+=\"#?secret=\"+t,e.setAttribute(\"data-secret\",t)),e.contentWindow.postMessage({message:\"ready\",secret:t},\"*\")},!1)))}(window,document);\n\/\/# sourceURL=https:\/\/gardeon.pl\/wp-includes\/js\/wp-embed.min.js\n\/* ]]> *\/\n<\/script>\n","thumbnail_url":"http:\/\/gardeon.pl\/wp-content\/uploads\/2023\/07\/gardeon-DOG-spolocna-1-1-scaled.webp","thumbnail_width":2560,"thumbnail_height":1439,"description":"Ka\u017cdy, kto w sobot\u0119 1 lipca uda\u0142 si\u0119 do miejscowo\u015bci Tur\u010diansky \u010eur ko\u0142o Martina, m\u00f3g\u0142 wzi\u0105\u0107 udzia\u0142 w Dniu otwartych gara\u017cy i domk\u00f3w ogrodowych w ramach GARDEON. Opr\u00f3cz naszego hitu sezonu 2023\/2024 \u2013 domku ogrodowego z akcesoriami w nowych kolorach \u2013 atrakcj\u0105 by\u0142y r\u00f3wnie\u017c interesuj\u0105ce zni\u017cki dla odwiedzaj\u0105cych oraz r\u00f3\u017cne atrakcje dla dzieci."}