{"version":"1.0","provider_name":"GARDEON","provider_url":"https:\/\/gardeon.pl\/pl\/","title":"Gara\u017c dwustanowiskowy z dwoma \u015bwietlikami i drzwiami bocznymi | GARDEON","type":"rich","width":600,"height":338,"html":"<blockquote class=\"wp-embedded-content\" data-secret=\"nP25rkIkg4\"><a href=\"https:\/\/gardeon.pl\/pl\/blog\/garaz-dwustanowiskowy-z-dwoma-swietlikami-i-drzwiami-bocznymi\/\">Gara\u017c dwustanowiskowy z dwoma \u015bwietlikami i drzwiami bocznymi<\/a><\/blockquote><iframe sandbox=\"allow-scripts\" security=\"restricted\" src=\"https:\/\/gardeon.pl\/pl\/blog\/garaz-dwustanowiskowy-z-dwoma-swietlikami-i-drzwiami-bocznymi\/embed\/#?secret=nP25rkIkg4\" width=\"600\" height=\"338\" title=\"&#8222;Gara\u017c dwustanowiskowy z dwoma \u015bwietlikami i drzwiami bocznymi&#8221; &#8212; GARDEON\" data-secret=\"nP25rkIkg4\" frameborder=\"0\" marginwidth=\"0\" marginheight=\"0\" scrolling=\"no\" class=\"wp-embedded-content\"><\/iframe><script type=\"text\/javascript\">\n\/* <![CDATA[ *\/\n\/*! This file is auto-generated *\/\n!function(d,l){\"use strict\";l.querySelector&&d.addEventListener&&\"undefined\"!=typeof URL&&(d.wp=d.wp||{},d.wp.receiveEmbedMessage||(d.wp.receiveEmbedMessage=function(e){var t=e.data;if((t||t.secret||t.message||t.value)&&!\/[^a-zA-Z0-9]\/.test(t.secret)){for(var s,r,n,a=l.querySelectorAll('iframe[data-secret=\"'+t.secret+'\"]'),o=l.querySelectorAll('blockquote[data-secret=\"'+t.secret+'\"]'),c=new RegExp(\"^https?:$\",\"i\"),i=0;i<o.length;i++)o[i].style.display=\"none\";for(i=0;i<a.length;i++)s=a[i],e.source===s.contentWindow&&(s.removeAttribute(\"style\"),\"height\"===t.message?(1e3<(r=parseInt(t.value,10))?r=1e3:~~r<200&&(r=200),s.height=r):\"link\"===t.message&&(r=new URL(s.getAttribute(\"src\")),n=new URL(t.value),c.test(n.protocol))&&n.host===r.host&&l.activeElement===s&&(d.top.location.href=t.value))}},d.addEventListener(\"message\",d.wp.receiveEmbedMessage,!1),l.addEventListener(\"DOMContentLoaded\",function(){for(var e,t,s=l.querySelectorAll(\"iframe.wp-embedded-content\"),r=0;r<s.length;r++)(t=(e=s[r]).getAttribute(\"data-secret\"))||(t=Math.random().toString(36).substring(2,12),e.src+=\"#?secret=\"+t,e.setAttribute(\"data-secret\",t)),e.contentWindow.postMessage({message:\"ready\",secret:t},\"*\")},!1)))}(window,document);\n\/\/# sourceURL=https:\/\/gardeon.pl\/wp-includes\/js\/wp-embed.min.js\n\/* ]]> *\/\n<\/script>\n","thumbnail_url":"http:\/\/gardeon.pl\/wp-content\/uploads\/2022\/03\/GARDEON-foto-od-zakaznikov-317.webp","thumbnail_width":1000,"thumbnail_height":750,"description":"Gara\u017c bez jakichkolwiek zmartwie\u0144? Taki, kt\u00f3rego nie trzeba my\u0107, malowa\u0107 ani w \u017caden inny spos\u00f3b konserwowa\u0107? Tak, taki gara\u017c istnieje. Zapraszamy do zapoznania si\u0119 z 7-letnim do\u015bwiadczeniem rodziny Miklo\u0161\u00f3w z gara\u017cem GARDEON."}