{"version":"1.0","provider_name":"GARDEON","provider_url":"https:\/\/gardeon.pl\/pl\/","title":"Przekszta\u0142\u0107 sw\u00f3j gara\u017c w studio fotograficzne - GARDEON","type":"rich","width":600,"height":338,"html":"<blockquote class=\"wp-embedded-content\" data-secret=\"euR90Yv9TP\"><a href=\"https:\/\/gardeon.pl\/pl\/blog\/przeksztalc-swoj-garaz-w-studio-fotograficzne\/\">Przekszta\u0142\u0107 sw\u00f3j gara\u017c w studio fotograficzne<\/a><\/blockquote><iframe sandbox=\"allow-scripts\" security=\"restricted\" src=\"https:\/\/gardeon.pl\/pl\/blog\/przeksztalc-swoj-garaz-w-studio-fotograficzne\/embed\/#?secret=euR90Yv9TP\" width=\"600\" height=\"338\" title=\"&#8222;Przekszta\u0142\u0107 sw\u00f3j gara\u017c w studio fotograficzne&#8221; &#8212; GARDEON\" data-secret=\"euR90Yv9TP\" frameborder=\"0\" marginwidth=\"0\" marginheight=\"0\" scrolling=\"no\" class=\"wp-embedded-content\"><\/iframe><script type=\"text\/javascript\">\n\/* <![CDATA[ *\/\n\/*! This file is auto-generated *\/\n!function(d,l){\"use strict\";l.querySelector&&d.addEventListener&&\"undefined\"!=typeof URL&&(d.wp=d.wp||{},d.wp.receiveEmbedMessage||(d.wp.receiveEmbedMessage=function(e){var t=e.data;if((t||t.secret||t.message||t.value)&&!\/[^a-zA-Z0-9]\/.test(t.secret)){for(var s,r,n,a=l.querySelectorAll('iframe[data-secret=\"'+t.secret+'\"]'),o=l.querySelectorAll('blockquote[data-secret=\"'+t.secret+'\"]'),c=new RegExp(\"^https?:$\",\"i\"),i=0;i<o.length;i++)o[i].style.display=\"none\";for(i=0;i<a.length;i++)s=a[i],e.source===s.contentWindow&&(s.removeAttribute(\"style\"),\"height\"===t.message?(1e3<(r=parseInt(t.value,10))?r=1e3:~~r<200&&(r=200),s.height=r):\"link\"===t.message&&(r=new URL(s.getAttribute(\"src\")),n=new URL(t.value),c.test(n.protocol))&&n.host===r.host&&l.activeElement===s&&(d.top.location.href=t.value))}},d.addEventListener(\"message\",d.wp.receiveEmbedMessage,!1),l.addEventListener(\"DOMContentLoaded\",function(){for(var e,t,s=l.querySelectorAll(\"iframe.wp-embedded-content\"),r=0;r<s.length;r++)(t=(e=s[r]).getAttribute(\"data-secret\"))||(t=Math.random().toString(36).substring(2,12),e.src+=\"#?secret=\"+t,e.setAttribute(\"data-secret\",t)),e.contentWindow.postMessage({message:\"ready\",secret:t},\"*\")},!1)))}(window,document);\n\/\/# sourceURL=https:\/\/gardeon.pl\/wp-includes\/js\/wp-embed.min.js\n\/* ]]> *\/\n<\/script>\n","thumbnail_url":"http:\/\/gardeon.pl\/wp-content\/uploads\/2017\/04\/index-1.jpg","thumbnail_width":1268,"thumbnail_height":350,"description":"Ka\u017cda dzia\u0142alno\u015b\u0107 artystyczna wymaga odpowiedniego miejsca do jej realizacji. Je\u015bli jest Pan\/Pani pocz\u0105tkuj\u0105cym fotografem lub fotografuje dla przyjemno\u015bci, gara\u017c mo\u017ce by\u0107 idealnym miejscem na Pana\/Pani hobby. Nie oznacza to jednak, \u017ce Pana\/Pani domowe studio gara\u017cowe nie mo\u017ce wygl\u0105da\u0107 profesjonalnie. Zale\u017cy to wy\u0142\u0105cznie od tego, jak je Pan\/Pani urz\u0105dzi."}